{"id":6577,"date":"2020-02-06T08:05:28","date_gmt":"2020-02-06T13:05:28","guid":{"rendered":"http:\/\/www.coomulsap.com\/portal\/?page_id=6577"},"modified":"2020-02-11T13:03:37","modified_gmt":"2020-02-11T18:03:37","slug":"pedagogia-de-la-accion-solidaria","status":"publish","type":"page","link":"https:\/\/www.coomulsap.com\/portal\/pedagogia-de-la-accion-solidaria\/","title":{"rendered":"Pedagog\u00eda de la Acci\u00f3n Solidaria"},"content":{"rendered":"<p><section id=\"bt_section69f216f74a982\"  class=\"boldSection topLargeSpaced bottomExtraSmallSpaced gutter inherit btBackgroundOverlay btStripedDark\" style=\"background-color:#004a66;\"><div class=\"port\"><div class=\"boldCell\"><div class=\"boldCellInner\"><div class=\"boldRow \" ><div class=\"boldRowInner\"><div class=\"rowItem col-md-6 col-sm-12 btTextLeft inherit btDarkSkin\"  data-width=\"6\"><div class=\"rowItemContent\" ><div class=\"btClear btSeparator topSemiSpaced bottomSpaced noBorder\" ><hr><\/div><\/div><\/div><div class=\"rowItem col-md-6 col-sm-12 btTextRight btMiddleVertical btDarkSkin\"  data-width=\"6\"><div class=\"rowItemContent\" ><div class=\"btClear btSeparator topSpaced bottomExtraSmallSpaced noBorder\" ><hr><\/div><header class=\"header btClear large\" ><div class=\"dash\"><h2><span class=\"headline\">Pedagog\u00eda de la Acci\u00f3n Solidaria<\/span><\/h2><\/div><\/header><\/div><\/div><\/div><\/div><\/div><\/div><\/div><\/section><section id=\"bt_section69f216f74aba3\"  class=\"boldSection gutter inherit btBackgroundOverlay btStripedDark\" style=\"background-color:#3978cc;\"><div class=\"port\"><div class=\"boldCell\"><div class=\"boldCellInner\"><div class=\"boldRow \" ><div class=\"boldRowInner\"><div class=\"rowItem col-md-6 col-sm-12 btTextRight btMiddleVertical btDarkSkin\"  data-width=\"6\"><div class=\"rowItemContent\" ><div class=\"bpgPhoto \" ><div class = \"btImage\"><img src=\"https:\/\/www.coomulsap.com\/portal\/wp-content\/uploads\/2020\/02\/logo_pedagogia.png\" alt=\"\" title=\"\"><\/div><\/div><\/div><\/div><div class=\"rowItem col-md-6 col-sm-12 btTextLeft inherit btDarkSkin\"  data-width=\"6\"><div class=\"rowItemContent\" ><div class=\"btClear btSeparator bottomSpaced noBorder\" ><hr><\/div><header class=\"header btClear medium\" ><div class=\"dash\"><h3><span class=\"headline\">Como definimos nuestra propuesta?<\/span><\/h3><\/div><\/header><div class=\"btText\" ><\/p>\n<p>Consideramos que la reflexi\u00f3n pedag\u00f3gica es un proceso esencial para la estructuraci\u00f3n, formulaci\u00f3n y puesta en pr\u00e1ctica de los modelos educativos y para la transformacion consciente y\u00a0 progresiva de la sociedad.<br \/>\nEn este sentido la \u201cPEDAGOGIA DE LA ACCION SOLIDARIA\u201d es una propuesta cimnetada en la COOPERACION como acci\u00f3n fundamental para el con-vivir y en la SOLIDARIDAD como principio universal que permite un encuentro con el otro en un mundo de desidia, falencias e incertidumbres.<\/p>\n<p>\n<\/div><div class=\"btClear btSeparator bottomSpaced noBorder\" ><hr><\/div><\/div><\/div><\/div><\/div><\/div><\/div><\/div><\/section><section id=\"bt_section69f216f74b0b5\"  class=\"boldSection gutter inherit\" ><div class=\"port\"><div class=\"boldCell\"><div class=\"boldCellInner\"><div class=\"boldRow \" ><div class=\"boldRowInner\"><div class=\"rowItem col-md-12 col-ms-12  btTextLeft\"  data-width=\"12\"><div class=\"rowItemContent\" ><div class=\"btClear btSeparator bottomSpaced noBorder\" ><hr><\/div><header class=\"header btClear medium\" ><div class=\"dash\"><h3><span class=\"headline\">Cuales son los cinco postulados de nuestra propuesta pedag\u00f3gica?<\/span><\/h3><\/div><\/header><div class=\"btClear btSeparator bottomSemiSpaced noBorder\" ><hr><\/div><\/div><\/div><\/div><\/div><\/div><\/div><\/div><\/section><section id=\"bt_section69f216f74b179\"  class=\"boldSection gutter\" ><div class=\"port\"><div class=\"boldCell\"><div class=\"boldCellInner\"><div class=\"boldRow \" ><div class=\"boldRowInner\"><div class=\"rowItem btRightBorder col-md-12 col-ms-12  btTextLeft inherit\"  data-width=\"12\"><div class=\"rowItemContent\" ><div class=\"servicesItem  btServicesAccent1 btIcoSmallSizeIcon \"><div class=\"sIcon\"><span class=\"btIco btIcoSmallSize btIcoFilledType btAccent1Icon\"><span  data-ico-fa=\"&#xf061;\" class=\"btIcoHolder\"><\/span><\/span><\/div><div class=\"sTxt\"><header class=\"header btClear small\" ><div class=\"dash\"><\/div><div class=\"btSubTitle\">La sociedad es el resultado dial\u00e9ctico de la formaci\u00f3n y el condicionamiento que imparten sus miembros y del convivir e interactuar de cada individuo en su conjunto, con todas las variables naturales y artificiales, suscitando en todas sus partes un sistema organizado de creencias y actitudes. <\/div><\/header><\/div><\/div><div class=\"servicesItem  btServicesAccent2 btIcoSmallSizeIcon \"><div class=\"sIcon\"><span class=\"btIco btIcoSmallSize btIcoFilledType btAccent2Icon\"><span  data-ico-fa=\"&#xf061;\" class=\"btIcoHolder\"><\/span><\/span><\/div><div class=\"sTxt\"><header class=\"header btClear small\" ><div class=\"dash\"><\/div><div class=\"btSubTitle\">El Ser humano, enmarcado en acciones solidarias y cooperadoras, es el resultado necesario de su vivir en sociedad, de su reflexi\u00f3n existencial, y de su dialogar gracias a la estructuraci\u00f3n que de su pensamiento hace el lenguaje; para esto se comunica con los dem\u00e1s miembros de acuerdo con las reglas de este lenguaje y actuando de acuerdo con el contexto en que viva.<\/div><\/header><\/div><\/div><div class=\"servicesItem  btServicesDefault btIcoSmallSizeIcon \"><div class=\"sIcon\"><span class=\"btIco btIcoSmallSize btIcoFilledType btDefaultIcon\"><span  data-ico-fa=\"&#xf061;\" class=\"btIcoHolder\"><\/span><\/span><\/div><div class=\"sTxt\"><header class=\"header btClear small\" ><div class=\"dash\"><\/div><div class=\"btSubTitle\">Es posible de forma consicente formular e implementar un sistema educativo con base en una sociedad deseada, transformando la sociedad de la que se parte, y al individuo en particular. Para esto es necesario que se tenga como fundamento esencial la SOLIDARIDAD y la COOPERACION,lo que es sinonimo de un \u201cencuentro con el otro\u201d encuentro que lo atraviesa de inmediato el lenguaje.<\/div><\/header><\/div><\/div><div class=\"servicesItem  btServicesAccent3 btIcoSmallSizeIcon \"><div class=\"sIcon\"><span class=\"btIco btIcoSmallSize btIcoFilledType btAccent3Icon\"><span  data-ico-fa=\"&#xf061;\" class=\"btIcoHolder\"><\/span><\/span><\/div><div class=\"sTxt\"><header class=\"header btClear small\" ><div class=\"dash\"><\/div><div class=\"btSubTitle\">En el proceso educativo es fundamental coadyuvar en la estructuraci\u00f3n del pensamiento, en la formaci\u00f3n del car\u00e1cter y la capacidad del juicio, en la manifestaci\u00f3n del sentimiento (\u00e9tico-est\u00e9tico-religioso) y en el cuidado fisico de s\u00ed y de lo otro. Con respecto a los conocimientos y desarrollo de habilidades, tiene que fortalecer y cualificar el desempe\u00f1o del individuo en el contexto en el que se conviva.<\/div><\/header><\/div><\/div><div class=\"servicesItem  btServicesAccent4 btIcoSmallSizeIcon \"><div class=\"sIcon\"><span class=\"btIco btIcoSmallSize btIcoFilledType btAccent4Icon\"><span  data-ico-fa=\"&#xf061;\" class=\"btIcoHolder\"><\/span><\/span><\/div><div class=\"sTxt\"><header class=\"header btClear small\" ><div class=\"dash\"><\/div><div class=\"btSubTitle\">La disciplina, la perseverancia y la constancia, son fundamentales para el avance de las colectividades hacia prop\u00f3sitos claramente determinados, y del individuo en particular a metas previamente establecidas.<\/div><\/header><\/div><\/div><div class=\"btClear btSeparator topSemiSpaced bottomSpaced noBorder\" ><hr><\/div><\/div><\/div><\/div><\/div><\/div><\/div><\/div><\/section><\/p>\n","protected":false},"excerpt":{"rendered":"","protected":false},"author":1,"featured_media":0,"parent":0,"menu_order":0,"comment_status":"closed","ping_status":"closed","template":"","meta":[],"_links":{"self":[{"href":"https:\/\/www.coomulsap.com\/portal\/wp-json\/wp\/v2\/pages\/6577"}],"collection":[{"href":"https:\/\/www.coomulsap.com\/portal\/wp-json\/wp\/v2\/pages"}],"about":[{"href":"https:\/\/www.coomulsap.com\/portal\/wp-json\/wp\/v2\/types\/page"}],"author":[{"embeddable":true,"href":"https:\/\/www.coomulsap.com\/portal\/wp-json\/wp\/v2\/users\/1"}],"replies":[{"embeddable":true,"href":"https:\/\/www.coomulsap.com\/portal\/wp-json\/wp\/v2\/comments?post=6577"}],"version-history":[{"count":8,"href":"https:\/\/www.coomulsap.com\/portal\/wp-json\/wp\/v2\/pages\/6577\/revisions"}],"predecessor-version":[{"id":6738,"href":"https:\/\/www.coomulsap.com\/portal\/wp-json\/wp\/v2\/pages\/6577\/revisions\/6738"}],"wp:attachment":[{"href":"https:\/\/www.coomulsap.com\/portal\/wp-json\/wp\/v2\/media?parent=6577"}],"curies":[{"name":"wp","href":"https:\/\/api.w.org\/{rel}","templated":true}]}}